{"id":21,"date":"2012-11-22T09:52:53","date_gmt":"2012-11-22T09:52:53","guid":{"rendered":"http:\/\/www.josedeanchieta.org.br\/?page_id=21"},"modified":"2018-02-26T11:04:37","modified_gmt":"2018-02-26T11:04:37","slug":"projetos","status":"publish","type":"page","link":"http:\/\/www.josedeanchieta.org.br\/?page_id=21","title":{"rendered":"Projetos"},"content":{"rendered":"<table width=\"1066\" border=\"1\" cellspacing=\"3\" cellpadding=\"3\">\n<tbody>\n<tr>\n<td><a href=\"http:\/\/www.josedeanchieta.org.br\/wp-content\/uploads\/2012\/12\/2.jpg\"><img loading=\"lazy\" title=\"2\" alt=\"\" src=\"http:\/\/www.josedeanchieta.org.br\/wp-content\/uploads\/2012\/12\/2-300x200.jpg\" width=\"300\" height=\"200\" \/><\/a><\/td>\n<td>\n<h4 style=\"padding-left: 30px;\"><strong>PROJETO \u00c9 POSS\u00cdVEL\u00a0 \u00a0 \u00a0 \u00a0 \u00a0 \u00a0 \u00a0 \u00a0 \u00a0 \u00a0 \u00a0 \u00a0 \u00a0 \u00a0 \u00a0 \u00a0 \u00a0 \u00a0 \u00a0 \u00a0 \u00a0 \u00a0 \u00a0 \u00a0 \u00a0 \u00a0 \u00a0 \u00a0 \u00a0 \u00a0 \u00a0 \u00a0 \u00a0 \u00a0 \u00a0 \u00a0 \u00a0 \u00a0 \u00a0 \u00a0 \u00a0 \u00a0 \u00a0 \u00a0 \u00a0 \u00a0 \u00a0 \u00a0 \u00a0 \u00a0 \u00a0 \u00a0 \u00a0 \u00a0 \u00a0 \u00a0 \u00a0 \u00a0 \u00a0 \u00a0 \u00a0 \u00a0 \u00a0 \u00a0 \u00a0 \u00a0 \u00a0 \u00a0 \u00a0 \u00a0 \u00a0 \u00a0 \u00a0 \u00a0 \u00a0 \u00a0 \u00a0 \u00a0 \u00a0 \u00a0<\/strong><\/h4>\n<h4 style=\"padding-left: 30px;\"><strong>Habilita\u00e7\u00e3o e Reabilita\u00e7\u00e3o<\/strong><\/h4>\n<p style=\"padding-left: 30px;\">Desenvolvido para aqueles que possuem defici\u00eancia intelectual e para aqueles que possuem<br \/>\ndificuldade de aprendizagem.<br \/>\n<a href=\"http:\/\/www.josedeanchieta.org.br\/?page_id=94\"><strong>Saiba mais<\/strong><\/a><\/p>\n<p>&nbsp;<\/td>\n<\/tr>\n<tr>\n<td><strong><a href=\"http:\/\/www.josedeanchieta.org.br\/wp-content\/uploads\/2012\/12\/1.jpg\"><img loading=\"lazy\" title=\"1\" alt=\"\" src=\"http:\/\/www.josedeanchieta.org.br\/wp-content\/uploads\/2012\/12\/1-300x200.jpg\" width=\"300\" height=\"200\" \/><\/a><\/strong><\/td>\n<td>\n<h4 style=\"padding-left: 30px;\"><strong>PROJETO LAMPARINA\u00a0 \u00a0 \u00a0 \u00a0 \u00a0 \u00a0 \u00a0 \u00a0 \u00a0 \u00a0 \u00a0 \u00a0 \u00a0 \u00a0 \u00a0 \u00a0 \u00a0 \u00a0 \u00a0 \u00a0 \u00a0 \u00a0 \u00a0 \u00a0 \u00a0 \u00a0 \u00a0 \u00a0 \u00a0 \u00a0 \u00a0 \u00a0 \u00a0 \u00a0 \u00a0 \u00a0 \u00a0 \u00a0 \u00a0 \u00a0 \u00a0 \u00a0 \u00a0 \u00a0 \u00a0 \u00a0 \u00a0 \u00a0 \u00a0 \u00a0 \u00a0 \u00a0 \u00a0 \u00a0 \u00a0 \u00a0 \u00a0 \u00a0 \u00a0 \u00a0 \u00a0 \u00a0 \u00a0 \u00a0 \u00a0 \u00a0 \u00a0 \u00a0 \u00a0 \u00a0 \u00a0 \u00a0 \u00a0 \u00a0 \u00a0 \u00a0 \u00a0 \u00a0 \u00a0 \u00a0 \u00a0 \u00a0\u00a0<\/strong><\/h4>\n<h4 style=\"padding-left: 30px;\"><strong>Educa\u00e7\u00e3o<\/strong><\/h4>\n<p style=\"padding-left: 30px;\">Escola especial, desenhada para aqueles que por suas condi\u00e7\u00f5es pessoais, tipo e<br \/>\ngrau de defici\u00eancia\u00a0encontram-se impedidos de integrar o sistema de ensino regular.<br \/>\n<a href=\"http:\/\/www.josedeanchieta.org.br\/?page_id=118\"><strong>Saiba mais<\/strong><\/a><\/p>\n<p style=\"padding-left: 30px;\">\n<p style=\"padding-left: 30px;\">\n<\/td>\n<\/tr>\n<tr>\n<td><strong><a href=\"http:\/\/www.josedeanchieta.org.br\/wp-content\/uploads\/2012\/12\/2.png\"><img loading=\"lazy\" title=\"2\" alt=\"\" src=\"http:\/\/www.josedeanchieta.org.br\/wp-content\/uploads\/2012\/12\/2-300x200.png\" width=\"300\" height=\"200\" \/><\/a><\/strong><\/td>\n<td>\n<h4 style=\"padding-left: 30px;\"><strong>PROJETO AL\u00c9M DO HORIZONTE<\/strong><\/h4>\n<h4 style=\"padding-left: 30px;\"><strong>Assist\u00eancia\u00a0Social<\/strong><\/h4>\n<p style=\"padding-left: 30px;\">Tem como objetivo promover o desenvolvimento social da fam\u00edlia.<br \/>\n<a href=\"http:\/\/www.josedeanchieta.org.br\/?page_id=175\"><strong>Saiba mais<\/strong><\/a><\/p>\n<p style=\"padding-left: 30px;\">\n<\/td>\n<\/tr>\n<\/tbody>\n<\/table>\n","protected":false},"excerpt":{"rendered":"<p>PROJETO \u00c9 POSS\u00cdVEL\u00a0 \u00a0 \u00a0 \u00a0 \u00a0 \u00a0 \u00a0 \u00a0 \u00a0 \u00a0 \u00a0 \u00a0 \u00a0 \u00a0 \u00a0 \u00a0 \u00a0 \u00a0 \u00a0 \u00a0 \u00a0 \u00a0 \u00a0 \u00a0 \u00a0 \u00a0 \u00a0 \u00a0 \u00a0 \u00a0 \u00a0 \u00a0 \u00a0 \u00a0 \u00a0 \u00a0 \u00a0 \u00a0 \u00a0 \u00a0 \u00a0 \u00a0 \u00a0 \u00a0 \u00a0 \u00a0 \u00a0 \u00a0 \u00a0 \u00a0 \u00a0 \u00a0 \u00a0 [&hellip;]<\/p>\n","protected":false},"author":1,"featured_media":0,"parent":0,"menu_order":0,"comment_status":"open","ping_status":"open","template":"","meta":[],"_links":{"self":[{"href":"http:\/\/www.josedeanchieta.org.br\/index.php?rest_route=\/wp\/v2\/pages\/21"}],"collection":[{"href":"http:\/\/www.josedeanchieta.org.br\/index.php?rest_route=\/wp\/v2\/pages"}],"about":[{"href":"http:\/\/www.josedeanchieta.org.br\/index.php?rest_route=\/wp\/v2\/types\/page"}],"author":[{"embeddable":true,"href":"http:\/\/www.josedeanchieta.org.br\/index.php?rest_route=\/wp\/v2\/users\/1"}],"replies":[{"embeddable":true,"href":"http:\/\/www.josedeanchieta.org.br\/index.php?rest_route=%2Fwp%2Fv2%2Fcomments&post=21"}],"version-history":[{"count":57,"href":"http:\/\/www.josedeanchieta.org.br\/index.php?rest_route=\/wp\/v2\/pages\/21\/revisions"}],"predecessor-version":[{"id":55,"href":"http:\/\/www.josedeanchieta.org.br\/index.php?rest_route=\/wp\/v2\/pages\/21\/revisions\/55"}],"wp:attachment":[{"href":"http:\/\/www.josedeanchieta.org.br\/index.php?rest_route=%2Fwp%2Fv2%2Fmedia&parent=21"}],"curies":[{"name":"wp","href":"https:\/\/api.w.org\/{rel}","templated":true}]}}